{"id":102417,"date":"2022-06-21T15:57:39","date_gmt":"2022-06-21T13:57:39","guid":{"rendered":"https:\/\/master.it\/portfolio\/khalifa-al-tajer-mosque-dubai-u-a-e\/"},"modified":"2022-07-21T14:08:26","modified_gmt":"2022-07-21T12:08:26","slug":"khalifa-al-tajer-mosque-dubai-u-a-e","status":"publish","type":"elemenfolio","link":"https:\/\/www.master.it\/fr\/portfolio\/khalifa-al-tajer-mosque-dubai-u-a-e\/","title":{"rendered":"KHALIFA AL TAJER MOSQUE  &#8211; DUBAI (U.A.E.)"},"content":{"rendered":"\t\t<div data-elementor-type=\"wp-post\" data-elementor-id=\"102417\" class=\"elementor elementor-102417 elementor-79212\" data-elementor-post-type=\"elemenfolio\">\n\t\t\t\t\t\t<section class=\"elementor-section elementor-top-section elementor-element elementor-element-32772e6 elementor-section-stretched elementor-section-boxed elementor-section-height-default elementor-section-height-default\" data-id=\"32772e6\" data-element_type=\"section\" data-e-type=\"section\" data-settings=\"{&quot;stretch_section&quot;:&quot;section-stretched&quot;}\">\n\t\t\t\t\t\t<div class=\"elementor-container elementor-column-gap-default\">\n\t\t\t\t\t<div class=\"elementor-column elementor-col-100 elementor-top-column elementor-element elementor-element-e0da9a2\" data-id=\"e0da9a2\" data-element_type=\"column\" data-e-type=\"column\">\n\t\t\t<div class=\"elementor-widget-wrap elementor-element-populated\">\n\t\t\t\t\t\t<div class=\"elementor-element elementor-element-51e6b15 elementor-widget elementor-widget-image\" data-id=\"51e6b15\" data-element_type=\"widget\" data-e-type=\"widget\" data-widget_type=\"image.default\">\n\t\t\t\t<div class=\"elementor-widget-container\">\n\t\t\t\t\t\t\t\t\t\t\t\t\t\t\t<img fetchpriority=\"high\" decoding=\"async\" width=\"1552\" height=\"800\" src=\"https:\/\/www.master.it\/wp-content\/uploads\/2022\/06\/ant-Khalifa-al-Tajer-mosque.jpg\" class=\"attachment-full size-full wp-image-79294\" alt=\"\" srcset=\"https:\/\/www.master.it\/wp-content\/uploads\/2022\/06\/ant-Khalifa-al-Tajer-mosque.jpg 1552w, https:\/\/www.master.it\/wp-content\/uploads\/2022\/06\/ant-Khalifa-al-Tajer-mosque-600x309.jpg 600w, https:\/\/www.master.it\/wp-content\/uploads\/2022\/06\/ant-Khalifa-al-Tajer-mosque-300x155.jpg 300w, https:\/\/www.master.it\/wp-content\/uploads\/2022\/06\/ant-Khalifa-al-Tajer-mosque-1024x528.jpg 1024w, https:\/\/www.master.it\/wp-content\/uploads\/2022\/06\/ant-Khalifa-al-Tajer-mosque-768x396.jpg 768w, https:\/\/www.master.it\/wp-content\/uploads\/2022\/06\/ant-Khalifa-al-Tajer-mosque-1536x792.jpg 1536w\" sizes=\"(max-width: 1552px) 100vw, 1552px\" \/>\t\t\t\t\t\t\t\t\t\t\t\t\t\t\t<\/div>\n\t\t\t\t<\/div>\n\t\t\t\t\t<\/div>\n\t\t<\/div>\n\t\t\t\t\t<\/div>\n\t\t<\/section>\n\t\t\t\t<section class=\"elementor-section elementor-top-section elementor-element elementor-element-f7de319 elementor-section-boxed elementor-section-height-default elementor-section-height-default\" data-id=\"f7de319\" data-element_type=\"section\" data-e-type=\"section\">\n\t\t\t\t\t\t<div class=\"elementor-container elementor-column-gap-default\">\n\t\t\t\t\t<div class=\"elementor-column elementor-col-100 elementor-top-column elementor-element elementor-element-d31cff5\" data-id=\"d31cff5\" data-element_type=\"column\" data-e-type=\"column\">\n\t\t\t<div class=\"elementor-widget-wrap elementor-element-populated\">\n\t\t\t\t\t\t<div class=\"elementor-element elementor-element-a86f29b elementor-widget elementor-widget-text-editor\" data-id=\"a86f29b\" data-element_type=\"widget\" data-e-type=\"widget\" data-widget_type=\"text-editor.default\">\n\t\t\t\t<div class=\"elementor-widget-container\">\n\t\t\t\t\t\t\t\t\t<p>La mosqu\u00e9e Khalifa al Tajer du centre-ville de Deira \u00e0 Duba\u00ef (E.A.U.) est la premi\u00e8re mosqu\u00e9e \u00e9cologique de l&rsquo;\u00e9mirat. D&rsquo;une superficie de 4180 m\u00e8tres carr\u00e9s, il est capable d&rsquo;accueillir 3500 fid\u00e8les. Aliment\u00e9e par des panneaux solaires, la mosqu\u00e9e utilise des syst\u00e8mes d&rsquo;isolation thermique pour att\u00e9nuer la consommation d&rsquo;\u00e9nergie. Il est \u00e9quip\u00e9 depuis sa construction de capteurs qui contr\u00f4lent la climatisation et d&rsquo;\u00e9clairages LED \u00e0 \u00e9conomie d&rsquo;\u00e9nergie.<\/p>\t\t\t\t\t\t\t\t<\/div>\n\t\t\t\t<\/div>\n\t\t\t\t\t<\/div>\n\t\t<\/div>\n\t\t\t\t\t<\/div>\n\t\t<\/section>\n\t\t\t\t<section class=\"elementor-section elementor-top-section elementor-element elementor-element-363a7c2 elementor-section-boxed elementor-section-height-default elementor-section-height-default\" data-id=\"363a7c2\" data-element_type=\"section\" data-e-type=\"section\" data-settings=\"{&quot;background_background&quot;:&quot;classic&quot;}\">\n\t\t\t\t\t\t<div class=\"elementor-container elementor-column-gap-default\">\n\t\t\t\t\t<div class=\"elementor-column elementor-col-100 elementor-top-column elementor-element elementor-element-a5deeec\" data-id=\"a5deeec\" data-element_type=\"column\" data-e-type=\"column\">\n\t\t\t<div class=\"elementor-widget-wrap elementor-element-populated\">\n\t\t\t\t\t\t<div class=\"elementor-element elementor-element-bd865bf elementor-widget elementor-widget-text-editor\" data-id=\"bd865bf\" data-element_type=\"widget\" data-e-type=\"widget\" data-widget_type=\"text-editor.default\">\n\t\t\t\t<div class=\"elementor-widget-container\">\n\t\t\t\t\t\t\t\t\t<p>Le b\u00e2timent, enti\u00e8rement g\u00e9r\u00e9 avec le <span style=\"color: #000080;\"><a style=\"color: #000080;\" href=\"\/fr\/domotique\/\"><span style=\"text-decoration: underline;\">syst\u00e8me domotique UNA Automation<\/span><\/a><\/span>, permet d&rsquo;atteindre le r\u00e9sultat ambitieux de 20\/25% d&rsquo;\u00e9conomies d&rsquo;eau et d&rsquo;\u00e9nergie. Le syst\u00e8me se compose de 25 cartes Eva et MiniEva et de 15 thermostats, contr\u00f4le 120 interrupteurs d&rsquo;\u00e9clairage ind\u00e9pendants, 15 zones de thermor\u00e9gulation ind\u00e9pendantes avec plus de 40 ventilateurs et compresseurs pour le refroidissement, et est personnalis\u00e9 avec plus de 100 sc\u00e9narios, qui peuvent \u00eatre g\u00e9r\u00e9s depuis l&rsquo;\u00e9cran tactile Tosca ou \u00e0 partir d&rsquo;appareils mobiles connect\u00e9s au panneau de contr\u00f4le Vesta.<\/p>\t\t\t\t\t\t\t\t<\/div>\n\t\t\t\t<\/div>\n\t\t\t\t\t<\/div>\n\t\t<\/div>\n\t\t\t\t\t<\/div>\n\t\t<\/section>\n\t\t\t\t<section class=\"elementor-section elementor-top-section elementor-element elementor-element-f43419d elementor-section-boxed elementor-section-height-default elementor-section-height-default\" data-id=\"f43419d\" data-element_type=\"section\" data-e-type=\"section\">\n\t\t\t\t\t\t<div class=\"elementor-container elementor-column-gap-default\">\n\t\t\t\t\t<div class=\"elementor-column elementor-col-100 elementor-top-column elementor-element elementor-element-21d3d9f\" data-id=\"21d3d9f\" data-element_type=\"column\" data-e-type=\"column\">\n\t\t\t<div class=\"elementor-widget-wrap elementor-element-populated\">\n\t\t\t\t\t\t<div class=\"elementor-element elementor-element-cebff0f elementor-widget elementor-widget-gallery\" data-id=\"cebff0f\" data-element_type=\"widget\" data-e-type=\"widget\" data-settings=\"{&quot;columns&quot;:3,&quot;gap&quot;:{&quot;unit&quot;:&quot;px&quot;,&quot;size&quot;:15,&quot;sizes&quot;:[]},&quot;lazyload&quot;:&quot;yes&quot;,&quot;gallery_layout&quot;:&quot;grid&quot;,&quot;columns_tablet&quot;:2,&quot;columns_mobile&quot;:1,&quot;gap_tablet&quot;:{&quot;unit&quot;:&quot;px&quot;,&quot;size&quot;:10,&quot;sizes&quot;:[]},&quot;gap_mobile&quot;:{&quot;unit&quot;:&quot;px&quot;,&quot;size&quot;:10,&quot;sizes&quot;:[]},&quot;link_to&quot;:&quot;file&quot;,&quot;aspect_ratio&quot;:&quot;3:2&quot;,&quot;overlay_background&quot;:&quot;yes&quot;,&quot;content_hover_animation&quot;:&quot;fade-in&quot;}\" data-widget_type=\"gallery.default\">\n\t\t\t\t<div class=\"elementor-widget-container\">\n\t\t\t\t\t\t\t<div class=\"elementor-gallery__container\">\n\t\t\t\t\t\t\t<a class=\"e-gallery-item elementor-gallery-item elementor-animated-content\" href=\"https:\/\/www.master.it\/wp-content\/uploads\/2022\/06\/Khalifa-al-Tajer-mosque-2.jpg\" data-elementor-open-lightbox=\"yes\" data-elementor-lightbox-slideshow=\"cebff0f\" data-elementor-lightbox-title=\"Khalifa al Tajer mosque (2)\" data-e-action-hash=\"#elementor-action%3Aaction%3Dlightbox%26settings%3DeyJpZCI6NzkzMDIsInVybCI6Imh0dHBzOlwvXC93d3cubWFzdGVyLml0XC93cC1jb250ZW50XC91cGxvYWRzXC8yMDIyXC8wNlwvS2hhbGlmYS1hbC1UYWplci1tb3NxdWUtMi5qcGciLCJzbGlkZXNob3ciOiJjZWJmZjBmIn0%3D\">\n\t\t\t\t\t<div class=\"e-gallery-image elementor-gallery-item__image\" data-thumbnail=\"https:\/\/www.master.it\/wp-content\/uploads\/2022\/06\/Khalifa-al-Tajer-mosque-2.jpg\" data-width=\"1350\" data-height=\"900\" aria-label=\"\" role=\"img\" ><\/div>\n\t\t\t\t\t\t\t\t\t\t\t<div class=\"elementor-gallery-item__overlay\"><\/div>\n\t\t\t\t\t\t\t\t\t\t\t\t\t\t<\/a>\n\t\t\t\t\t\t\t<a class=\"e-gallery-item elementor-gallery-item elementor-animated-content\" href=\"https:\/\/www.master.it\/wp-content\/uploads\/2022\/06\/Khalifa-al-Tajer-mosque-3-.jpg\" data-elementor-open-lightbox=\"yes\" data-elementor-lightbox-slideshow=\"cebff0f\" data-elementor-lightbox-title=\"Khalifa al Tajer mosque (3)\" data-e-action-hash=\"#elementor-action%3Aaction%3Dlightbox%26settings%3DeyJpZCI6NzkyOTgsInVybCI6Imh0dHBzOlwvXC93d3cubWFzdGVyLml0XC93cC1jb250ZW50XC91cGxvYWRzXC8yMDIyXC8wNlwvS2hhbGlmYS1hbC1UYWplci1tb3NxdWUtMy0uanBnIiwic2xpZGVzaG93IjoiY2ViZmYwZiJ9\">\n\t\t\t\t\t<div class=\"e-gallery-image elementor-gallery-item__image\" data-thumbnail=\"https:\/\/www.master.it\/wp-content\/uploads\/2022\/06\/Khalifa-al-Tajer-mosque-3-.jpg\" data-width=\"1321\" data-height=\"900\" aria-label=\"\" role=\"img\" ><\/div>\n\t\t\t\t\t\t\t\t\t\t\t<div class=\"elementor-gallery-item__overlay\"><\/div>\n\t\t\t\t\t\t\t\t\t\t\t\t\t\t<\/a>\n\t\t\t\t\t\t\t<a class=\"e-gallery-item elementor-gallery-item elementor-animated-content\" href=\"https:\/\/www.master.it\/wp-content\/uploads\/2022\/06\/Khalifa-al-Tajer-mosque-1_ok.jpg\" data-elementor-open-lightbox=\"yes\" data-elementor-lightbox-slideshow=\"cebff0f\" data-elementor-lightbox-title=\"Khalifa al Tajer mosque (1)_ok\" data-e-action-hash=\"#elementor-action%3Aaction%3Dlightbox%26settings%3DeyJpZCI6NzkzMDYsInVybCI6Imh0dHBzOlwvXC93d3cubWFzdGVyLml0XC93cC1jb250ZW50XC91cGxvYWRzXC8yMDIyXC8wNlwvS2hhbGlmYS1hbC1UYWplci1tb3NxdWUtMV9vay5qcGciLCJzbGlkZXNob3ciOiJjZWJmZjBmIn0%3D\">\n\t\t\t\t\t<div class=\"e-gallery-image elementor-gallery-item__image\" data-thumbnail=\"https:\/\/www.master.it\/wp-content\/uploads\/2022\/06\/Khalifa-al-Tajer-mosque-1_ok.jpg\" data-width=\"1347\" data-height=\"900\" aria-label=\"\" role=\"img\" ><\/div>\n\t\t\t\t\t\t\t\t\t\t\t<div class=\"elementor-gallery-item__overlay\"><\/div>\n\t\t\t\t\t\t\t\t\t\t\t\t\t\t<\/a>\n\t\t\t\t\t<\/div>\n\t\t\t\t\t<\/div>\n\t\t\t\t<\/div>\n\t\t\t\t\t<\/div>\n\t\t<\/div>\n\t\t\t\t\t<\/div>\n\t\t<\/section>\n\t\t\t\t<\/div>\n\t\t","protected":false},"featured_media":79121,"template":"elementor_header_footer","elemenfoliocategory":[14207],"class_list":["post-102417","elemenfolio","type-elemenfolio","status-publish","has-post-thumbnail","hentry","elemenfoliocategory-realizzazioni"],"acf":[],"yoast_head":"<!-- This site is optimized with the Yoast SEO plugin v27.3 - https:\/\/yoast.com\/product\/yoast-seo-wordpress\/ -->\n<title>KHALIFA AL TAJER MOSQUE - DUBAI (U.A.E.) - Master<\/title>\n<meta name=\"robots\" content=\"index, follow, max-snippet:-1, max-image-preview:large, max-video-preview:-1\" \/>\n<link rel=\"canonical\" href=\"https:\/\/www.master.it\/fr\/portfolio\/khalifa-al-tajer-mosque-dubai-u-a-e\/\" \/>\n<meta property=\"og:locale\" content=\"fr_FR\" \/>\n<meta property=\"og:type\" content=\"article\" \/>\n<meta property=\"og:title\" content=\"KHALIFA AL TAJER MOSQUE - DUBAI (U.A.E.) - Master\" \/>\n<meta property=\"og:description\" content=\"La mosqu\u00e9e Khalifa al Tajer du centre-ville de Deira \u00e0 Duba\u00ef (E.A.U.) est la premi\u00e8re mosqu\u00e9e \u00e9cologique de l&rsquo;\u00e9mirat. D&rsquo;une superficie de 4180 m\u00e8tres carr\u00e9s, il est capable d&rsquo;accueillir 3500 fid\u00e8les. Aliment\u00e9e par des panneaux solaires, la mosqu\u00e9e utilise des syst\u00e8mes d&rsquo;isolation thermique pour att\u00e9nuer la consommation d&rsquo;\u00e9nergie. Il est \u00e9quip\u00e9 depuis sa construction de&hellip;\" \/>\n<meta property=\"og:url\" content=\"https:\/\/www.master.it\/fr\/portfolio\/khalifa-al-tajer-mosque-dubai-u-a-e\/\" \/>\n<meta property=\"og:site_name\" content=\"Master\" \/>\n<meta property=\"article:modified_time\" content=\"2022-07-21T12:08:26+00:00\" \/>\n<meta property=\"og:image\" content=\"https:\/\/www.master.it\/wp-content\/uploads\/2022\/06\/Realizzazioni-Khalifa-al-Tajer-mosque.jpeg\" \/>\n\t<meta property=\"og:image:width\" content=\"546\" \/>\n\t<meta property=\"og:image:height\" content=\"692\" \/>\n\t<meta property=\"og:image:type\" content=\"image\/jpeg\" \/>\n<meta name=\"twitter:card\" content=\"summary_large_image\" \/>\n<meta name=\"twitter:label1\" content=\"Dur\u00e9e de lecture estim\u00e9e\" \/>\n\t<meta name=\"twitter:data1\" content=\"1 minute\" \/>\n<script type=\"application\/ld+json\" class=\"yoast-schema-graph\">{\"@context\":\"https:\\\/\\\/schema.org\",\"@graph\":[{\"@type\":\"WebPage\",\"@id\":\"https:\\\/\\\/www.master.it\\\/fr\\\/portfolio\\\/khalifa-al-tajer-mosque-dubai-u-a-e\\\/\",\"url\":\"https:\\\/\\\/www.master.it\\\/fr\\\/portfolio\\\/khalifa-al-tajer-mosque-dubai-u-a-e\\\/\",\"name\":\"KHALIFA AL TAJER MOSQUE - DUBAI (U.A.E.) - Master\",\"isPartOf\":{\"@id\":\"https:\\\/\\\/www.master.it\\\/fr\\\/#website\"},\"primaryImageOfPage\":{\"@id\":\"https:\\\/\\\/www.master.it\\\/fr\\\/portfolio\\\/khalifa-al-tajer-mosque-dubai-u-a-e\\\/#primaryimage\"},\"image\":{\"@id\":\"https:\\\/\\\/www.master.it\\\/fr\\\/portfolio\\\/khalifa-al-tajer-mosque-dubai-u-a-e\\\/#primaryimage\"},\"thumbnailUrl\":\"https:\\\/\\\/www.master.it\\\/wp-content\\\/uploads\\\/2022\\\/06\\\/Realizzazioni-Khalifa-al-Tajer-mosque.jpeg\",\"datePublished\":\"2022-06-21T13:57:39+00:00\",\"dateModified\":\"2022-07-21T12:08:26+00:00\",\"breadcrumb\":{\"@id\":\"https:\\\/\\\/www.master.it\\\/fr\\\/portfolio\\\/khalifa-al-tajer-mosque-dubai-u-a-e\\\/#breadcrumb\"},\"inLanguage\":\"fr-FR\",\"potentialAction\":[{\"@type\":\"ReadAction\",\"target\":[\"https:\\\/\\\/www.master.it\\\/fr\\\/portfolio\\\/khalifa-al-tajer-mosque-dubai-u-a-e\\\/\"]}]},{\"@type\":\"ImageObject\",\"inLanguage\":\"fr-FR\",\"@id\":\"https:\\\/\\\/www.master.it\\\/fr\\\/portfolio\\\/khalifa-al-tajer-mosque-dubai-u-a-e\\\/#primaryimage\",\"url\":\"https:\\\/\\\/www.master.it\\\/wp-content\\\/uploads\\\/2022\\\/06\\\/Realizzazioni-Khalifa-al-Tajer-mosque.jpeg\",\"contentUrl\":\"https:\\\/\\\/www.master.it\\\/wp-content\\\/uploads\\\/2022\\\/06\\\/Realizzazioni-Khalifa-al-Tajer-mosque.jpeg\",\"width\":546,\"height\":692},{\"@type\":\"BreadcrumbList\",\"@id\":\"https:\\\/\\\/www.master.it\\\/fr\\\/portfolio\\\/khalifa-al-tajer-mosque-dubai-u-a-e\\\/#breadcrumb\",\"itemListElement\":[{\"@type\":\"ListItem\",\"position\":1,\"name\":\"Home\",\"item\":\"https:\\\/\\\/www.master.it\\\/fr\\\/\"},{\"@type\":\"ListItem\",\"position\":2,\"name\":\"KHALIFA AL TAJER MOSQUE &#8211; DUBAI (U.A.E.)\"}]},{\"@type\":\"WebSite\",\"@id\":\"https:\\\/\\\/www.master.it\\\/fr\\\/#website\",\"url\":\"https:\\\/\\\/www.master.it\\\/fr\\\/\",\"name\":\"Master\",\"description\":\"\",\"publisher\":{\"@id\":\"https:\\\/\\\/www.master.it\\\/fr\\\/#organization\"},\"potentialAction\":[{\"@type\":\"SearchAction\",\"target\":{\"@type\":\"EntryPoint\",\"urlTemplate\":\"https:\\\/\\\/www.master.it\\\/fr\\\/?s={search_term_string}\"},\"query-input\":{\"@type\":\"PropertyValueSpecification\",\"valueRequired\":true,\"valueName\":\"search_term_string\"}}],\"inLanguage\":\"fr-FR\"},{\"@type\":\"Organization\",\"@id\":\"https:\\\/\\\/www.master.it\\\/fr\\\/#organization\",\"name\":\"Master\",\"url\":\"https:\\\/\\\/www.master.it\\\/fr\\\/\",\"logo\":{\"@type\":\"ImageObject\",\"inLanguage\":\"fr-FR\",\"@id\":\"https:\\\/\\\/www.master.it\\\/fr\\\/#\\\/schema\\\/logo\\\/image\\\/\",\"url\":\"https:\\\/\\\/www.master.it\\\/wp-content\\\/uploads\\\/2022\\\/04\\\/Logo_master.png\",\"contentUrl\":\"https:\\\/\\\/www.master.it\\\/wp-content\\\/uploads\\\/2022\\\/04\\\/Logo_master.png\",\"width\":552,\"height\":85,\"caption\":\"Master\"},\"image\":{\"@id\":\"https:\\\/\\\/www.master.it\\\/fr\\\/#\\\/schema\\\/logo\\\/image\\\/\"}}]}<\/script>\n<!-- \/ Yoast SEO plugin. -->","yoast_head_json":{"title":"KHALIFA AL TAJER MOSQUE - DUBAI (U.A.E.) - Master","robots":{"index":"index","follow":"follow","max-snippet":"max-snippet:-1","max-image-preview":"max-image-preview:large","max-video-preview":"max-video-preview:-1"},"canonical":"https:\/\/www.master.it\/fr\/portfolio\/khalifa-al-tajer-mosque-dubai-u-a-e\/","og_locale":"fr_FR","og_type":"article","og_title":"KHALIFA AL TAJER MOSQUE - DUBAI (U.A.E.) - Master","og_description":"La mosqu\u00e9e Khalifa al Tajer du centre-ville de Deira \u00e0 Duba\u00ef (E.A.U.) est la premi\u00e8re mosqu\u00e9e \u00e9cologique de l&rsquo;\u00e9mirat. D&rsquo;une superficie de 4180 m\u00e8tres carr\u00e9s, il est capable d&rsquo;accueillir 3500 fid\u00e8les. Aliment\u00e9e par des panneaux solaires, la mosqu\u00e9e utilise des syst\u00e8mes d&rsquo;isolation thermique pour att\u00e9nuer la consommation d&rsquo;\u00e9nergie. Il est \u00e9quip\u00e9 depuis sa construction de&hellip;","og_url":"https:\/\/www.master.it\/fr\/portfolio\/khalifa-al-tajer-mosque-dubai-u-a-e\/","og_site_name":"Master","article_modified_time":"2022-07-21T12:08:26+00:00","og_image":[{"width":546,"height":692,"url":"https:\/\/www.master.it\/wp-content\/uploads\/2022\/06\/Realizzazioni-Khalifa-al-Tajer-mosque.jpeg","type":"image\/jpeg"}],"twitter_card":"summary_large_image","twitter_misc":{"Dur\u00e9e de lecture estim\u00e9e":"1 minute"},"schema":{"@context":"https:\/\/schema.org","@graph":[{"@type":"WebPage","@id":"https:\/\/www.master.it\/fr\/portfolio\/khalifa-al-tajer-mosque-dubai-u-a-e\/","url":"https:\/\/www.master.it\/fr\/portfolio\/khalifa-al-tajer-mosque-dubai-u-a-e\/","name":"KHALIFA AL TAJER MOSQUE - DUBAI (U.A.E.) - Master","isPartOf":{"@id":"https:\/\/www.master.it\/fr\/#website"},"primaryImageOfPage":{"@id":"https:\/\/www.master.it\/fr\/portfolio\/khalifa-al-tajer-mosque-dubai-u-a-e\/#primaryimage"},"image":{"@id":"https:\/\/www.master.it\/fr\/portfolio\/khalifa-al-tajer-mosque-dubai-u-a-e\/#primaryimage"},"thumbnailUrl":"https:\/\/www.master.it\/wp-content\/uploads\/2022\/06\/Realizzazioni-Khalifa-al-Tajer-mosque.jpeg","datePublished":"2022-06-21T13:57:39+00:00","dateModified":"2022-07-21T12:08:26+00:00","breadcrumb":{"@id":"https:\/\/www.master.it\/fr\/portfolio\/khalifa-al-tajer-mosque-dubai-u-a-e\/#breadcrumb"},"inLanguage":"fr-FR","potentialAction":[{"@type":"ReadAction","target":["https:\/\/www.master.it\/fr\/portfolio\/khalifa-al-tajer-mosque-dubai-u-a-e\/"]}]},{"@type":"ImageObject","inLanguage":"fr-FR","@id":"https:\/\/www.master.it\/fr\/portfolio\/khalifa-al-tajer-mosque-dubai-u-a-e\/#primaryimage","url":"https:\/\/www.master.it\/wp-content\/uploads\/2022\/06\/Realizzazioni-Khalifa-al-Tajer-mosque.jpeg","contentUrl":"https:\/\/www.master.it\/wp-content\/uploads\/2022\/06\/Realizzazioni-Khalifa-al-Tajer-mosque.jpeg","width":546,"height":692},{"@type":"BreadcrumbList","@id":"https:\/\/www.master.it\/fr\/portfolio\/khalifa-al-tajer-mosque-dubai-u-a-e\/#breadcrumb","itemListElement":[{"@type":"ListItem","position":1,"name":"Home","item":"https:\/\/www.master.it\/fr\/"},{"@type":"ListItem","position":2,"name":"KHALIFA AL TAJER MOSQUE &#8211; DUBAI (U.A.E.)"}]},{"@type":"WebSite","@id":"https:\/\/www.master.it\/fr\/#website","url":"https:\/\/www.master.it\/fr\/","name":"Master","description":"","publisher":{"@id":"https:\/\/www.master.it\/fr\/#organization"},"potentialAction":[{"@type":"SearchAction","target":{"@type":"EntryPoint","urlTemplate":"https:\/\/www.master.it\/fr\/?s={search_term_string}"},"query-input":{"@type":"PropertyValueSpecification","valueRequired":true,"valueName":"search_term_string"}}],"inLanguage":"fr-FR"},{"@type":"Organization","@id":"https:\/\/www.master.it\/fr\/#organization","name":"Master","url":"https:\/\/www.master.it\/fr\/","logo":{"@type":"ImageObject","inLanguage":"fr-FR","@id":"https:\/\/www.master.it\/fr\/#\/schema\/logo\/image\/","url":"https:\/\/www.master.it\/wp-content\/uploads\/2022\/04\/Logo_master.png","contentUrl":"https:\/\/www.master.it\/wp-content\/uploads\/2022\/04\/Logo_master.png","width":552,"height":85,"caption":"Master"},"image":{"@id":"https:\/\/www.master.it\/fr\/#\/schema\/logo\/image\/"}}]}},"jetpack_sharing_enabled":true,"_links":{"self":[{"href":"https:\/\/www.master.it\/fr\/wp-json\/wp\/v2\/elemenfolio\/102417","targetHints":{"allow":["GET"]}}],"collection":[{"href":"https:\/\/www.master.it\/fr\/wp-json\/wp\/v2\/elemenfolio"}],"about":[{"href":"https:\/\/www.master.it\/fr\/wp-json\/wp\/v2\/types\/elemenfolio"}],"version-history":[{"count":7,"href":"https:\/\/www.master.it\/fr\/wp-json\/wp\/v2\/elemenfolio\/102417\/revisions"}],"predecessor-version":[{"id":104448,"href":"https:\/\/www.master.it\/fr\/wp-json\/wp\/v2\/elemenfolio\/102417\/revisions\/104448"}],"wp:featuredmedia":[{"embeddable":true,"href":"https:\/\/www.master.it\/fr\/wp-json\/wp\/v2\/media\/79121"}],"wp:attachment":[{"href":"https:\/\/www.master.it\/fr\/wp-json\/wp\/v2\/media?parent=102417"}],"wp:term":[{"taxonomy":"elemenfoliocategory","embeddable":true,"href":"https:\/\/www.master.it\/fr\/wp-json\/wp\/v2\/elemenfoliocategory?post=102417"}],"curies":[{"name":"wp","href":"https:\/\/api.w.org\/{rel}","templated":true}]}}